{"id":203,"date":"2022-01-26T17:32:06","date_gmt":"2022-01-26T16:32:06","guid":{"rendered":"http:\/\/fer-commejamais.com\/?page_id=203"},"modified":"2022-05-02T19:01:56","modified_gmt":"2022-05-02T17:01:56","slug":"labstraction-de-la-deformation-tubulaire","status":"publish","type":"page","link":"https:\/\/fer-commejamais.com\/","title":{"rendered":"\u00ab\u00a0L&rsquo;abstraction de la d\u00e9formation tubulaire\u00a0\u00bb"},"content":{"rendered":"\n<p class=\"has-text-color\" style=\"color:#823710\"><strong>Tous les meubles et objets pr\u00e9sent\u00e9s sur ce site, sont r\u00e9alis\u00e9s suivant le concept \u00ab\u00a0d&rsquo;abstraction de la d\u00e9formation tubulaire\u00a0\u00bb obtenue par l&rsquo;exploitation combin\u00e9e de pliage et d&#8217;emboutissage rationnels et reproductibles \u00e0 l&rsquo;exactitude. <\/strong> L&rsquo;objectif de ce concept est la transgression des principes de mise en \u0153uvres pour une ex\u00e9cution toujours plus rapides, le \u00ab\u00a0vite fait\u00a0\u00bb  le quickly done. &#8230; <\/p>\n\n\n\n<p class=\"has-text-color\" style=\"color:#e55a0f\"><strong>Les formes  issues de ce concept, ainsi que les objets cr\u00e9\u00e9s \u00e0 partir de celui-ci, sont d\u00e9pos\u00e9s \u00e0 l&rsquo;INPI.<\/strong><\/p>\n\n\n\n<p class=\"has-text-align-left has-text-color\" style=\"color:#823710\"><em><span style=\"text-decoration: underline;\">Tables et chaises solidaires en terrasse au bar Basque \u00e0 Toulouse. Mod\u00e8le r\u00e9alis\u00e9 en 1998 pour le KL (night club Toulousain)<\/span><\/em><\/p>\n\n\n\n<figure class=\"wp-block-gallery has-nested-images columns-default is-cropped\">\n<figure class=\"wp-block-image size-large\"><img loading=\"lazy\" width=\"1024\" height=\"768\" data-id=\"69\"  src=\"http:\/\/fer-commejamais.com\/wp-content\/uploads\/2022\/01\/20220104_135555-1024x768.jpg\" alt=\"Place St Pierre\" class=\"wp-image-69\" srcset=\"https:\/\/fer-commejamais.com\/wp-content\/uploads\/2022\/01\/20220104_135555-1024x768.jpg 1024w, https:\/\/fer-commejamais.com\/wp-content\/uploads\/2022\/01\/20220104_135555-scaled-600x450.jpg 600w, https:\/\/fer-commejamais.com\/wp-content\/uploads\/2022\/01\/20220104_135555-300x225.jpg 300w, https:\/\/fer-commejamais.com\/wp-content\/uploads\/2022\/01\/20220104_135555-768x576.jpg 768w, https:\/\/fer-commejamais.com\/wp-content\/uploads\/2022\/01\/20220104_135555-1536x1152.jpg 1536w, https:\/\/fer-commejamais.com\/wp-content\/uploads\/2022\/01\/20220104_135555-2048x1536.jpg 2048w\" sizes=\"(max-width: 1024px) 100vw, 1024px\" \/><figcaption>tout sur le tube<\/figcaption><\/figure>\n<\/figure>\n\n\n\n<div class=\"wp-container-69f2d5e28f925 wp-block-columns\">\n<div class=\"wp-block-column\" style=\"flex-basis:100%\">\n<div class=\"wp-container-69f2d5e28f6e8 wp-block-group alignwide\"><div class=\"wp-block-group__inner-container\">\n<p class=\"has-text-align-center has-text-color\" style=\"color:#e55a0f\"><strong>Que les amoureux du fer forg\u00e9 ne m\u2019en veuillent pas, ici il ne s\u2019agit ni de fer forg\u00e9, ni de perp\u00e9tuer des savoirs faire traditionnels.  <\/strong><\/p>\n\n\n\n<p class=\"has-text-align-center has-text-color\" style=\"color:#e55a0f\"><strong>Vous d\u00e9couvrirez sur ce site une nouvelle fa\u00e7on d\u2019appr\u00e9hender la mati\u00e8re \u00ab fer \u00bb par la d\u00e9formation de profil\u00e9s tubulaires en combinant forme et pliage de fa\u00e7on rationnelle, pour obtenir une esth\u00e9tique singuli\u00e8re.&nbsp;&nbsp;&nbsp;<\/strong><\/p>\n\n\n\n<p class=\"has-text-align-center has-text-color\" style=\"color:#823710\"><em>Tout au long de la pr\u00e9sentation de mes cr\u00e9ations, j&rsquo;apporte des explications indispensables \u00e0 la perception de la dimension artistique de ce concept.<\/em><\/p>\n<\/div><\/div>\n<\/div>\n<\/div>\n\n\n\n<div class=\"wp-block-media-text alignwide is-stacked-on-mobile\" style=\"grid-template-columns:15% auto\"><figure class=\"wp-block-media-text__media\"><img loading=\"lazy\" width=\"1024\" height=\"1011\" src=\"http:\/\/fer-commejamais.com\/wp-content\/uploads\/2022\/03\/20180712_163133-2-1024x1011.jpg\" alt=\"\" class=\"wp-image-899 size-full\" srcset=\"https:\/\/fer-commejamais.com\/wp-content\/uploads\/2022\/03\/20180712_163133-2-1024x1011.jpg 1024w, https:\/\/fer-commejamais.com\/wp-content\/uploads\/2022\/03\/20180712_163133-2-300x296.jpg 300w, https:\/\/fer-commejamais.com\/wp-content\/uploads\/2022\/03\/20180712_163133-2-768x758.jpg 768w, https:\/\/fer-commejamais.com\/wp-content\/uploads\/2022\/03\/20180712_163133-2-1536x1516.jpg 1536w, https:\/\/fer-commejamais.com\/wp-content\/uploads\/2022\/03\/20180712_163133-2-600x592.jpg 600w, https:\/\/fer-commejamais.com\/wp-content\/uploads\/2022\/03\/20180712_163133-2-100x100.jpg 100w, https:\/\/fer-commejamais.com\/wp-content\/uploads\/2022\/03\/20180712_163133-2.jpg 1653w\" sizes=\"(max-width: 1024px) 100vw, 1024px\" \/><\/figure><div class=\"wp-block-media-text__content\">\n<p class=\"has-text-align-center has-text-color has-medium-font-size\" style=\"color:#823426\"><span style=\"text-decoration: underline;\"><strong>Une nouvelle fa\u00e7on d\u2019envisager le travail du m\u00e9tal<\/strong>, <strong>permettant<\/strong> <strong>d&rsquo;\u00e9largir le champ d\u2019application du profil\u00e9 tubulaire m\u00e9tallique, dans une perspective d\u2019utilisation esth\u00e9tique  jusque l\u00e0 jamais envisag\u00e9e. <\/strong><\/span><\/p>\n\n\n\n<p class=\"has-text-align-center has-text-color\" style=\"color:#823426\">Mon objectif n\u2019est pas de r\u00e9aliser des meubles pour les meubles en eux-m\u00eames, mais plut\u00f4t d\u2019apporter une dimension suppl\u00e9mentaire \u00e0 l\u2019objet, en termes de sensation. Les r\u00e9alisations cr\u00e9\u00e9s par ce principe sont donc conditionn\u00e9es par cette combinaison de pliage\/emboutissage. <\/p>\n\n\n\n<p class=\"has-text-align-center has-text-color\" style=\"color:#823426\">(Voir photo ci-contre)<\/p>\n\n\n\n<p class=\"has-text-align-center has-text-color\" style=\"color:#823426\">Cette forme\u00a0 obtenue que je nomme  \u00ab\u00a0coqu\u00e9e\u00a0\u00a0\u00bb obtenue par ce principe, peut s&rsquo;utiliser dans de nombreux domaines de la construction m\u00e9tallique, notamment dans la r\u00e9alisation de meubles et objets divers, tant pour ses facilit\u00e9s de mise en \u0153uvres que pour ses propri\u00e9t\u00e9s plastiques.<\/p>\n<\/div><\/div>\n\n\n\n<div class=\"wp-block-media-text alignwide is-stacked-on-mobile\" style=\"grid-template-columns:24% auto\"><figure class=\"wp-block-media-text__media\"><img loading=\"lazy\" width=\"431\" height=\"329\" src=\"http:\/\/fer-commejamais.com\/wp-content\/uploads\/2022\/03\/deform-2-pdf-1.jpg\" alt=\"\" class=\"wp-image-939 size-full\" srcset=\"https:\/\/fer-commejamais.com\/wp-content\/uploads\/2022\/03\/deform-2-pdf-1.jpg 431w, https:\/\/fer-commejamais.com\/wp-content\/uploads\/2022\/03\/deform-2-pdf-1-300x229.jpg 300w\" sizes=\"(max-width: 431px) 100vw, 431px\" \/><\/figure><div class=\"wp-block-media-text__content\">\n<p class=\"has-text-align-center has-text-color\" style=\"color:#823426\"><strong><span style=\"text-decoration: underline;\">Pour d\u00e9finir plus pr\u00e9cis\u00e9ment ma singularit\u00e9 dans l\u2019approche du travail du m\u00e9tal, j\u2019ai r\u00e9alis\u00e9 une expertise des techniques artisanales et industrielles existantes.<\/span><\/strong><\/p>\n\n\n\n<p class=\"has-text-align-left has-text-color\" style=\"color:#823426\"><strong>Bien s\u00fbr l\u2019emboutissage est pratiqu\u00e9 dans la fabrication d\u2019objet ou d\u2019articles m\u00e9talliques et plus particuli\u00e8rement dans la construction automobile et de mat\u00e9riels agricoles ou encore pour le mat\u00e9riel de sport voir photos ci contre. Seulement, pour ces fabrications,  les formes recherch\u00e9es sont toujours con\u00e7ues par le prisme des contraintes techniques et fonctionnelles n\u00e9cessaires \u00e0 la fonction de l\u2019objet. <\/strong><\/p>\n\n\n\n<p class=\"has-text-align-left has-text-color\" style=\"color:#823426\"><strong>Aussi, plus fortement depuis le \u00ab\u00a0Bauhaus\u00a0\u00bb, le tube m\u00e9tallique est utilis\u00e9 dans la fabrication de meubles et objets mais l\u00e0 encore en utilisant les techniques de cintrage et d&#8217;emboutissage traditionnelles, jamais dans le mode combinatoire des deux, comme je le propose avec mon concept de d\u00e9formation tubulaire.<\/strong><\/p>\n\n\n\n<p class=\"has-text-align-left has-text-color\" style=\"color:#823426\"><span style=\"text-decoration: underline;\"><strong>En effet, les \u00e9coles et les professionnels de la ferronnerie enseignent et pratiquent le travail du tube, en consid\u00e9rant comme n\u00e9cessit\u00e9 premi\u00e8re le maintien de sa structure et de sa r\u00e9sistance \u00e0 l\u2019effort par les techniques de cintrages traditionnels.<\/strong><\/span><\/p>\n\n\n\n<p class=\"has-text-color\" style=\"color:#823426\"><em>Voire cintrage  courant tube rond et \u00ab\u00a0coude am\u00e9ricain\u00a0\u00bb tube carr\u00e9 photo ci-contre.<\/em><\/p>\n<\/div><\/div>\n\n\n\n<div class=\"wp-block-media-text alignwide is-stacked-on-mobile\" style=\"grid-template-columns:15% auto\"><figure class=\"wp-block-media-text__media\"><img loading=\"lazy\" width=\"186\" height=\"700\" src=\"http:\/\/fer-commejamais.com\/wp-content\/uploads\/2022\/03\/1000000000000400000002BC44856C21.jpg\" alt=\"\" class=\"wp-image-948 size-full\" srcset=\"https:\/\/fer-commejamais.com\/wp-content\/uploads\/2022\/03\/1000000000000400000002BC44856C21.jpg 186w, https:\/\/fer-commejamais.com\/wp-content\/uploads\/2022\/03\/1000000000000400000002BC44856C21-80x300.jpg 80w\" sizes=\"(max-width: 186px) 100vw, 186px\" \/><\/figure><div class=\"wp-block-media-text__content\">\n<p class=\"has-text-align-left has-text-color\" style=\"color:#823426\"><strong>Ici, Il n\u2019est pas question de techniques traditionnelles, <span style=\"text-decoration: underline;\">mais bien d\u2019une innovation esth\u00e9tique <\/span>du travail du tube m\u00e9tallique  par la combinaison du pliage et emboutissage de tube carr\u00e9, rectangle ou rond pour obtenir des formes simples, abstraites et r\u00e9p\u00e9titives \u00e0 souhait. Les formes employ\u00e9es ici, seraient jet\u00e9es \u00e0 la benne par les professionnels qui les consid\u00e9reraient inutilisables\u2026<\/strong><\/p>\n\n\n\n<p><\/p>\n\n\n\n<p><\/p>\n\n\n\n<p class=\"has-text-align-left has-text-color\" style=\"color:#823426\">Passionn\u00e9 de dessin, c\u2019est en 1991 que je suis saisi par cette mati\u00e8re et d\u00e9couvre cette forme \u00ab&nbsp;pliage\/formage\u00bb. Je n\u2019avais ni formation ni exp\u00e9rience en m\u00e9tallerie, je trouvais cette mati\u00e8re si \u00ab rigide et froide \u00bb et ses techniques de mise en \u0153uvre si puissantes et agressives, que j\u2019ai eu la volont\u00e9 de le les d\u00e9passer, comme si finalement il serait plus simple d\u2019accepter l\u2019esth\u00e9tique d\u2019un \u00ab&nbsp;mauvais pliage&nbsp;\u00bb (en quelque sorte comme on plierait un roseau \u00e0 la main) plut\u00f4t que d\u2019utiliser des savoirs faire avec du mat\u00e9riel adapt\u00e9 et sophistiqu\u00e9. C\u2019est par ce \u00ab&nbsp;raccourcis&nbsp;\u00bb un peu spectaculaire, brutal et primitif que je souhaitais apporter des sensations nouvelles dans la cr\u00e9ation d\u2019objets.&nbsp; <\/p>\n\n\n\n<p class=\"has-text-align-left has-text-color\" style=\"color:#823426\">En faisant ce raccourci  un peu provocateur, je souhaitais attirer l\u2019attention sur notre monde parfois trop fig\u00e9 et born\u00e9 par ses traditions pleines de certitudes.  J&rsquo;ai commenc\u00e9 par plier grossi\u00e8rement des tubes en les d\u00e9structurant <strong>comme par urgence, ou pour offrir une spontan\u00e9it\u00e9 limite primitive dans la r\u00e9alisation  de l&rsquo;objet. <\/strong><\/p>\n\n\n\n<p>I<strong>l s&rsquo;agissait  aussi en quelque sorte de parodier l&rsquo;acc\u00e9l\u00e9ration des modes de constructions industriels qui produisent toujours plus vite <\/strong>et au travers desquels la cr\u00e9ation devient d\u00e9pendante des moyens industriels de production.  C&rsquo;est en cela que je qualifie de <strong>\u00ab\u00a0vite fait\u00a0\u00bb<\/strong> et de <strong>\u00ab\u00a0design de proximit\u00e9\u00a0\u00bb<\/strong> ce principe de cr\u00e9ation,<strong> <\/strong>comme si on brulait des \u00e9tapes dans le processus de conception\/r\u00e9alisation et que cela devenait accessible \u00e0  tous. <\/p>\n\n\n\n<p><\/p>\n\n\n\n<p class=\"has-text-align-center\">FER-COMMEJAMAIS<\/p>\n\n\n\n<p>&nbsp;<\/p>\n<\/div><\/div>\n\n\n\n<div class=\"wp-block-media-text alignwide is-stacked-on-mobile\" style=\"grid-template-columns:22% auto\"><figure class=\"wp-block-media-text__media\"><img loading=\"lazy\" width=\"717\" height=\"1024\" src=\"http:\/\/fer-commejamais.com\/wp-content\/uploads\/2022\/01\/table-bar-1-717x1024.gif\" alt=\"\" class=\"wp-image-269 size-full\" srcset=\"https:\/\/fer-commejamais.com\/wp-content\/uploads\/2022\/01\/table-bar-1-717x1024.gif 717w, https:\/\/fer-commejamais.com\/wp-content\/uploads\/2022\/01\/table-bar-1-600x857.gif 600w, https:\/\/fer-commejamais.com\/wp-content\/uploads\/2022\/01\/table-bar-1-210x300.gif 210w, https:\/\/fer-commejamais.com\/wp-content\/uploads\/2022\/01\/table-bar-1-768x1097.gif 768w, https:\/\/fer-commejamais.com\/wp-content\/uploads\/2022\/01\/table-bar-1-1076x1536.gif 1076w\" sizes=\"(max-width: 717px) 100vw, 717px\" \/><\/figure><div class=\"wp-block-media-text__content\">\n<p><strong>En d\u00e9couvrant l&rsquo;ensemble des objets r\u00e9alis\u00e9s ainsi, tous les clich\u00e9s et toutes les r\u00e9f\u00e9rences que l&rsquo;on a de l&rsquo;esth\u00e9tique de l&rsquo;objet sont boulevers\u00e9es<\/strong>: Objets design&nbsp;? Objets Anti-design&nbsp;? <\/p>\n\n\n\n<p>Par ces formes expressives, chaque objet mit en sc\u00e8ne est un \u00e9tonnement et en ce sens, ce concept transgresse tous les styles, toutes les \u00e9poques et donne \u00e0 cette expression plastique une dimension spectaculaire.&nbsp;<\/p>\n\n\n\n<p class=\"has-text-align-left has-text-color\" style=\"color:#823426\"><strong>Par l\u2019utilisation \u00ab en quelque sorte \u00bb de ces pi\u00e8ces rat\u00e9es ou non finis et par cette contradiction entre la rigidit\u00e9 du m\u00e9tal et l\u2019apparence tr\u00e8s souple des formes obtenues, il s\u2019en d\u00e9gage un m\u00e9lange de douceur et de brutalit\u00e9, g\u00e9n\u00e9rant un effet catalyseur au sens o\u00f9 il modifie notre notion plastique g\u00e9n\u00e9rale de l\u2019objet m\u00e9tallique. Ce concept permet d\u2019utiliser le tube dans une construction esth\u00e9tique diff\u00e9rente de celle du fer forg\u00e9, (fer plein) les sections employ\u00e9es sont plus fortes sans avoir la cons\u00e9quence du poids, ce qui offre aux objets une plus grande volupt\u00e9 et nous intrigue au point de nous mettre le doute sur la mati\u00e8re utilis\u00e9e.&nbsp;&nbsp;<\/strong>J&rsquo;ai, par la suite affin\u00e9 ce pliage, afin qu\u2019il soit acceptable visuellement et techniquement suffisant \u00e0 la fonction souhait\u00e9e.&nbsp;<\/p>\n\n\n\n<p class=\"has-text-align-center has-text-color\" style=\"color:#823426\"><strong>Ainsi, mes cr\u00e9ations sont d\u2019une originalit\u00e9 incontestable et ce concept apporte toute la \u00ab&nbsp;noblesse&nbsp;\u00bb du tube acier \u00abfer creux &nbsp;form\u00e9 \u00e0 froid&nbsp;\u00bb, jusque-l\u00e0 r\u00e9serv\u00e9e au fer plein \u00ab fer form\u00e9 \u00e0 chaud fer forg\u00e9)\u00bb.<\/strong><\/p>\n<\/div><\/div>\n","protected":false},"excerpt":{"rendered":"<p>Tous les meubles et objets pr\u00e9sent\u00e9s sur ce site, sont r\u00e9alis\u00e9s suivant le concept \u00ab\u00a0d&rsquo;abstraction de la d\u00e9formation tubulaire\u00a0\u00bb obtenue par l&rsquo;exploitation combin\u00e9e de pliage&hellip;<\/p>\n","protected":false},"author":1,"featured_media":273,"parent":0,"menu_order":0,"comment_status":"closed","ping_status":"closed","template":"","meta":[],"_links":{"self":[{"href":"https:\/\/fer-commejamais.com\/index.php\/wp-json\/wp\/v2\/pages\/203"}],"collection":[{"href":"https:\/\/fer-commejamais.com\/index.php\/wp-json\/wp\/v2\/pages"}],"about":[{"href":"https:\/\/fer-commejamais.com\/index.php\/wp-json\/wp\/v2\/types\/page"}],"author":[{"embeddable":true,"href":"https:\/\/fer-commejamais.com\/index.php\/wp-json\/wp\/v2\/users\/1"}],"replies":[{"embeddable":true,"href":"https:\/\/fer-commejamais.com\/index.php\/wp-json\/wp\/v2\/comments?post=203"}],"version-history":[{"count":385,"href":"https:\/\/fer-commejamais.com\/index.php\/wp-json\/wp\/v2\/pages\/203\/revisions"}],"predecessor-version":[{"id":1178,"href":"https:\/\/fer-commejamais.com\/index.php\/wp-json\/wp\/v2\/pages\/203\/revisions\/1178"}],"wp:featuredmedia":[{"embeddable":true,"href":"https:\/\/fer-commejamais.com\/index.php\/wp-json\/wp\/v2\/media\/273"}],"wp:attachment":[{"href":"https:\/\/fer-commejamais.com\/index.php\/wp-json\/wp\/v2\/media?parent=203"}],"curies":[{"name":"wp","href":"https:\/\/api.w.org\/{rel}","templated":true}]}}